{"id":27712,"date":"2025-09-18T09:26:41","date_gmt":"2025-09-18T08:26:41","guid":{"rendered":"https:\/\/rosenvoldcamping.dk\/preise\/camping-preise\/"},"modified":"2025-12-16T21:23:40","modified_gmt":"2025-12-16T20:23:40","slug":"camping-preise","status":"publish","type":"page","link":"https:\/\/rosenvoldcamping.dk\/de\/preise\/camping-preise\/","title":{"rendered":"Camping Preise"},"content":{"rendered":"<p>[et_pb_section fb_built=&#8220;1&#8243; _builder_version=&#8220;4.27.4&#8243; background_image=&#8220;https:\/\/rosenvoldcamping.dk\/wp-content\/uploads\/2025\/09\/Rosenvold_camping_pladsen2.jpg&#8220; min_height=&#8220;450px&#8220; global_colors_info=&#8220;{}&#8220;][et_pb_row _builder_version=&#8220;4.16&#8243; global_colors_info=&#8220;{}&#8220;][et_pb_column type=&#8220;4_4&#8243; _builder_version=&#8220;4.16&#8243; custom_padding=&#8220;|||&#8220; global_colors_info=&#8220;{}&#8220; custom_padding__hover=&#8220;|||&#8220;][et_pb_divider divider_style=&#8220;dotted&#8220; divider_weight=&#8220;8px&#8220; _builder_version=&#8220;4.16&#8243; max_width=&#8220;8%&#8220; module_alignment=&#8220;center&#8220; custom_margin=&#8220;||15px&#8220; global_colors_info=&#8220;{}&#8220;][\/et_pb_divider][et_pb_text _builder_version=&#8220;4.27.4&#8243; header_font=&#8220;||||||||&#8220; header_2_font=&#8220;|800|||||||&#8220; header_2_text_align=&#8220;center&#8220; header_2_text_color=&#8220;#ffffff&#8220; header_2_font_size=&#8220;44px&#8220; custom_margin=&#8220;||15px&#8220; global_colors_info=&#8220;{}&#8220;][\/et_pb_text][\/et_pb_column][\/et_pb_row][\/et_pb_section][et_pb_section fb_built=&#8220;1&#8243; _builder_version=&#8220;4.16&#8243; global_colors_info=&#8220;{}&#8220;][et_pb_row padding_top_bottom_link_2=&#8220;true&#8220; padding_left_right_link_2=&#8220;true&#8220; _builder_version=&#8220;4.16&#8243; custom_padding=&#8220;32px|0px|0|0px|false|false&#8220; global_colors_info=&#8220;{}&#8220;][et_pb_column type=&#8220;4_4&#8243; _builder_version=&#8220;4.16&#8243; custom_padding=&#8220;|||&#8220; global_colors_info=&#8220;{}&#8220; custom_padding__hover=&#8220;|||&#8220;][et_pb_text _builder_version=&#8220;4.27.4&#8243; header_font=&#8220;||||||||&#8220; header_2_font=&#8220;|800|||||||&#8220; header_2_text_color=&#8220;#3a1d1d&#8220; header_2_font_size=&#8220;44px&#8220; custom_margin=&#8220;||15px&#8220; header_2_font_size_tablet=&#8220;&#8220; header_2_font_size_phone=&#8220;34px&#8220; header_2_font_size_last_edited=&#8220;on|phone&#8220; global_colors_info=&#8220;{}&#8220;]<\/p>\n<h2>PREISLISTE F\u00dcR Camping<\/h2>\n<p>[\/et_pb_text][et_pb_text _builder_version=&#8220;4.27.4&#8243; header_font=&#8220;||||||||&#8220; header_2_font=&#8220;|800|||||||&#8220; header_2_text_color=&#8220;#3a1d1d&#8220; header_2_font_size=&#8220;44px&#8220; custom_margin=&#8220;||15px&#8220; header_2_font_size_tablet=&#8220;&#8220; header_2_font_size_phone=&#8220;34px&#8220; header_2_font_size_last_edited=&#8220;on|phone&#8220; global_colors_info=&#8220;{}&#8220;]<\/p>\n<p>Auf dieser Seite finden Sie eine aktuelle Preisliste f\u00fcr unsere H\u00fctten.<\/p>\n<p>[\/et_pb_text][et_pb_text _builder_version=&#8220;4.27.4&#8243; _module_preset=&#8220;default&#8220; hover_enabled=&#8220;0&#8243; global_colors_info=&#8220;{}&#8220; sticky_enabled=&#8220;0&#8243;]<\/p>\n<h3 data-start=\"470\" data-end=\"486\">Saison 2026<\/h3>\n<p data-start=\"488\" data-end=\"573\"><strong data-start=\"488\" data-end=\"501\">Nebensaison:<\/strong><br data-start=\"501\" data-end=\"504\">27\/03 &#8211; 27\/06 (au\u00dfer an Feiertagswochenenden)<br data-start=\"550\" data-end=\"553\">und 16\/08 &#8211; 18\/10<\/p>\n<p data-start=\"575\" data-end=\"654\"><strong data-start=\"575\" data-end=\"588\">Hochsaison:<\/strong><br data-start=\"588\" data-end=\"591\">13\/05 &#8211; 17\/05<br data-start=\"604\" data-end=\"607\">22\/05 &#8211; 25\/05<br data-start=\"620\" data-end=\"623\">26\/06 &#8211; 11\/07<br data-start=\"636\" data-end=\"639\">01\/08 &#8211; 16\/08<\/p>\n<p data-start=\"656\" data-end=\"692\"><strong data-start=\"656\" data-end=\"674\">H\u00f6chste Saison:<\/strong><br data-start=\"674\" data-end=\"677\">11\/07 &#8211; 01\/08<\/p>\n<p data-start=\"694\" data-end=\"885\">Unsere<span> <\/span><a href=\"https:\/\/booking.danplanner.dk\/daybooking\/step1?cId=270&amp;lc=da&amp;wId=1\">Online-Buchung<\/a> ist immer mit den neuesten Preisen, Zeitr\u00e4umen und Verf\u00fcgbarkeiten aktualisiert.<br data-start=\"792\" data-end=\"795\">Hier k\u00f6nnen Sie sich schnell einen \u00dcberblick \u00fcber die aktuellen Angebote verschaffen und Ihren n\u00e4chsten Urlaub direkt buchen.<\/p>\n<p>[\/et_pb_text][et_pb_divider divider_style=&#8220;dotted&#8220; divider_weight=&#8220;8px&#8220; _builder_version=&#8220;4.16&#8243; max_width=&#8220;7%&#8220; custom_margin=&#8220;||15px&#8220; custom_padding=&#8220;20px||&#8220; global_colors_info=&#8220;{}&#8220;][\/et_pb_divider][\/et_pb_column][\/et_pb_row][et_pb_row make_equal=&#8220;on&#8220; padding_top_bottom_link_2=&#8220;true&#8220; padding_left_right_link_2=&#8220;true&#8220; _builder_version=&#8220;4.27.4&#8243; custom_padding=&#8220;22px|0px|75px|0px|false|false&#8220; global_module=&#8220;26374&#8243; saved_tabs=&#8220;all&#8220; global_colors_info=&#8220;{}&#8220;][et_pb_column type=&#8220;4_4&#8243; _builder_version=&#8220;4.16&#8243; custom_padding=&#8220;|||&#8220; global_colors_info=&#8220;{}&#8220; custom_padding__hover=&#8220;|||&#8220;][\/et_pb_column][\/et_pb_row][et_pb_row padding_top_bottom_link_2=&#8220;true&#8220; padding_left_right_link_2=&#8220;true&#8220; _builder_version=&#8220;4.16&#8243; custom_padding=&#8220;32px|0px|0|0px|false|false&#8220; global_colors_info=&#8220;{}&#8220;][et_pb_column type=&#8220;4_4&#8243; _builder_version=&#8220;4.16&#8243; custom_padding=&#8220;|||&#8220; global_colors_info=&#8220;{}&#8220; custom_padding__hover=&#8220;|||&#8220;][et_pb_text _builder_version=&#8220;4.27.4&#8243; header_font=&#8220;||||||||&#8220; header_2_font=&#8220;|800|||||||&#8220; header_2_text_color=&#8220;#3a1d1d&#8220; header_2_font_size=&#8220;44px&#8220; custom_margin=&#8220;||15px&#8220; header_2_font_size_tablet=&#8220;&#8220; header_2_font_size_phone=&#8220;34px&#8220; header_2_font_size_last_edited=&#8220;on|phone&#8220; global_colors_info=&#8220;{}&#8220;]<\/p>\n<h3>Zusatzk\u00e4ufe<\/h3>\n<p>[\/et_pb_text][et_pb_divider divider_style=&#8220;dotted&#8220; divider_weight=&#8220;8px&#8220; _builder_version=&#8220;4.16&#8243; max_width=&#8220;7%&#8220; custom_margin=&#8220;||15px&#8220; custom_padding=&#8220;20px||&#8220; global_colors_info=&#8220;{}&#8220;][\/et_pb_divider][et_pb_text _builder_version=&#8220;4.27.4&#8243; _module_preset=&#8220;default&#8220; global_colors_info=&#8220;{}&#8220;]<\/p>\n<table border=\"1\" style=\"border-collapse: collapse; width: 100%; height: 192px;\">\n<tbody>\n<tr style=\"height: 24px;\">\n<td style=\"width: 75%; height: 24px;\"><\/td>\n<td style=\"width: 25%; height: 24px;\">DKK<\/td>\n<\/tr>\n<tr style=\"height: 24px;\">\n<td style=\"width: 75%; height: 24px;\">Internet (2 Codes)<\/td>\n<td style=\"width: 25%; height: 24px;\">25,-<\/td>\n<\/tr>\n<tr style=\"height: 24px;\">\n<td style=\"width: 75%; height: 24px;\">Internet Folgetage pro Tag<\/td>\n<td style=\"width: 25%; height: 24px;\">10,-<\/td>\n<\/tr>\n<tr style=\"height: 24px;\">\n<td style=\"width: 75%; height: 24px;\">Hochstuhl (pro Aufenthalt)<\/td>\n<td style=\"width: 25%; height: 24px;\">25,-<\/td>\n<\/tr>\n<tr style=\"height: 24px;\">\n<td style=\"width: 75%; height: 24px;\">Leinen-Paket<\/td>\n<td style=\"width: 25%; height: 24px;\">75,-<\/td>\n<\/tr>\n<tr style=\"height: 24px;\">\n<td style=\"width: 75%; height: 24px;\">W\u00e4schepaket inkl. Handtuch &#8211; pro Bett<\/td>\n<td style=\"width: 25%; height: 24px;\">95,-<\/td>\n<\/tr>\n<tr style=\"height: 24px;\">\n<td style=\"width: 75%; height: 24px;\">Energiezuschlag je nach Verbrauch &#8211; pro Bett<\/td>\n<td style=\"width: 25%; height: 24px;\">pro kWh<\/td>\n<\/tr>\n<tr style=\"height: 24px;\">\n<td style=\"width: 75%; height: 24px;\">\n<p>Partyzelt\/gro\u00dfe H\u00fctte f\u00fcr Familientreffen (Miete)<\/p>\n<p>Fragen Sie an der Rezeption nach weiteren Informationen<\/p>\n<\/td>\n<td style=\"width: 25%; height: 24px;\">\n<p>Von 700,-<\/p>\n<\/td>\n<\/tr>\n<\/tbody>\n<\/table>\n<p>Kostenloses Internet &#8211; das hauseigene.<\/p>\n<p>[\/et_pb_text][\/et_pb_column][\/et_pb_row][\/et_pb_section]<\/p>\n","protected":false},"excerpt":{"rendered":"<p>PREISLISTE F\u00dcR CampingAuf dieser Seite finden Sie eine aktuelle Preisliste f\u00fcr unsere H\u00fctten.Saison 2026 Nebensaison:27\/03 &#8211; 27\/06 (au\u00dfer an Feiertagswochenenden)und 16\/08 &#8211; 18\/10 Hochsaison:13\/05 &#8211; 17\/0522\/05 &#8211; 25\/0526\/06 &#8211; 11\/0701\/08 &#8211; 16\/08 H\u00f6chste Saison:11\/07 &#8211; 01\/08 Unsere Online-Buchung ist immer mit den neuesten Preisen, Zeitr\u00e4umen und Verf\u00fcgbarkeiten aktualisiert.Hier k\u00f6nnen Sie sich schnell einen \u00dcberblick \u00fcber [&hellip;]<\/p>\n","protected":false},"author":1,"featured_media":0,"parent":27661,"menu_order":0,"comment_status":"closed","ping_status":"closed","template":"","meta":{"_et_pb_use_builder":"on","_et_pb_old_content":"","_et_gb_content_width":"","footnotes":""},"folder":[],"class_list":["post-27712","page","type-page","status-publish","hentry"],"yoast_head":"<!-- This site is optimized with the Yoast SEO plugin v27.4 - https:\/\/yoast.com\/product\/yoast-seo-wordpress\/ -->\n<title>Preise Camping am Vejle Fjord | Rosenvold Strand Camping<\/title>\n<meta name=\"robots\" content=\"index, follow, max-snippet:-1, max-image-preview:large, max-video-preview:-1\" \/>\n<link rel=\"canonical\" href=\"https:\/\/rosenvoldcamping.dk\/de\/preise\/camping-preise\/\" \/>\n<meta property=\"og:locale\" content=\"de_DE\" \/>\n<meta property=\"og:type\" content=\"article\" \/>\n<meta property=\"og:title\" content=\"Preise Camping am Vejle Fjord | Rosenvold Strand Camping\" \/>\n<meta property=\"og:description\" content=\"PREISLISTE F\u00dcR CampingAuf dieser Seite finden Sie eine aktuelle Preisliste f\u00fcr unsere H\u00fctten.Saison 2026 Nebensaison:27\/03 - 27\/06 (au\u00dfer an Feiertagswochenenden)und 16\/08 - 18\/10 Hochsaison:13\/05 - 17\/0522\/05 - 25\/0526\/06 - 11\/0701\/08 - 16\/08 H\u00f6chste Saison:11\/07 - 01\/08 Unsere Online-Buchung ist immer mit den neuesten Preisen, Zeitr\u00e4umen und Verf\u00fcgbarkeiten aktualisiert.Hier k\u00f6nnen Sie sich schnell einen \u00dcberblick \u00fcber [&hellip;]\" \/>\n<meta property=\"og:url\" content=\"https:\/\/rosenvoldcamping.dk\/de\/preise\/camping-preise\/\" \/>\n<meta property=\"og:site_name\" content=\"Rosenvold Camping\" \/>\n<meta property=\"article:modified_time\" content=\"2025-12-16T20:23:40+00:00\" \/>\n<meta name=\"twitter:card\" content=\"summary_large_image\" \/>\n<meta name=\"twitter:label1\" content=\"Gesch\u00e4tzte Lesezeit\" \/>\n\t<meta name=\"twitter:data1\" content=\"3\u00a0Minuten\" \/>\n<script type=\"application\/ld+json\" class=\"yoast-schema-graph\">{\"@context\":\"https:\\\/\\\/schema.org\",\"@graph\":[{\"@type\":\"WebPage\",\"@id\":\"https:\\\/\\\/rosenvoldcamping.dk\\\/de\\\/preise\\\/camping-preise\\\/\",\"url\":\"https:\\\/\\\/rosenvoldcamping.dk\\\/de\\\/preise\\\/camping-preise\\\/\",\"name\":\"Preise Camping am Vejle Fjord | Rosenvold Strand Camping\",\"isPartOf\":{\"@id\":\"https:\\\/\\\/rosenvoldcamping.dk\\\/de\\\/#website\"},\"datePublished\":\"2025-09-18T08:26:41+00:00\",\"dateModified\":\"2025-12-16T20:23:40+00:00\",\"breadcrumb\":{\"@id\":\"https:\\\/\\\/rosenvoldcamping.dk\\\/de\\\/preise\\\/camping-preise\\\/#breadcrumb\"},\"inLanguage\":\"de\",\"potentialAction\":[{\"@type\":\"ReadAction\",\"target\":[\"https:\\\/\\\/rosenvoldcamping.dk\\\/de\\\/preise\\\/camping-preise\\\/\"]}]},{\"@type\":\"BreadcrumbList\",\"@id\":\"https:\\\/\\\/rosenvoldcamping.dk\\\/de\\\/preise\\\/camping-preise\\\/#breadcrumb\",\"itemListElement\":[{\"@type\":\"ListItem\",\"position\":1,\"name\":\"Hjem\",\"item\":\"https:\\\/\\\/rosenvoldcamping.dk\\\/de\\\/hauptseite\\\/\"},{\"@type\":\"ListItem\",\"position\":2,\"name\":\"Preise\",\"item\":\"https:\\\/\\\/rosenvoldcamping.dk\\\/de\\\/priser\\\/\"},{\"@type\":\"ListItem\",\"position\":3,\"name\":\"Camping Preise\"}]},{\"@type\":\"WebSite\",\"@id\":\"https:\\\/\\\/rosenvoldcamping.dk\\\/de\\\/#website\",\"url\":\"https:\\\/\\\/rosenvoldcamping.dk\\\/de\\\/\",\"name\":\"Rosenvold Camping\",\"description\":\"En oase ved fjorden\",\"potentialAction\":[{\"@type\":\"SearchAction\",\"target\":{\"@type\":\"EntryPoint\",\"urlTemplate\":\"https:\\\/\\\/rosenvoldcamping.dk\\\/de\\\/?s={search_term_string}\"},\"query-input\":{\"@type\":\"PropertyValueSpecification\",\"valueRequired\":true,\"valueName\":\"search_term_string\"}}],\"inLanguage\":\"de\"}]}<\/script>\n<!-- \/ Yoast SEO plugin. -->","yoast_head_json":{"title":"Preise Camping am Vejle Fjord | Rosenvold Strand Camping","robots":{"index":"index","follow":"follow","max-snippet":"max-snippet:-1","max-image-preview":"max-image-preview:large","max-video-preview":"max-video-preview:-1"},"canonical":"https:\/\/rosenvoldcamping.dk\/de\/preise\/camping-preise\/","og_locale":"de_DE","og_type":"article","og_title":"Preise Camping am Vejle Fjord | Rosenvold Strand Camping","og_description":"PREISLISTE F\u00dcR CampingAuf dieser Seite finden Sie eine aktuelle Preisliste f\u00fcr unsere H\u00fctten.Saison 2026 Nebensaison:27\/03 - 27\/06 (au\u00dfer an Feiertagswochenenden)und 16\/08 - 18\/10 Hochsaison:13\/05 - 17\/0522\/05 - 25\/0526\/06 - 11\/0701\/08 - 16\/08 H\u00f6chste Saison:11\/07 - 01\/08 Unsere Online-Buchung ist immer mit den neuesten Preisen, Zeitr\u00e4umen und Verf\u00fcgbarkeiten aktualisiert.Hier k\u00f6nnen Sie sich schnell einen \u00dcberblick \u00fcber [&hellip;]","og_url":"https:\/\/rosenvoldcamping.dk\/de\/preise\/camping-preise\/","og_site_name":"Rosenvold Camping","article_modified_time":"2025-12-16T20:23:40+00:00","twitter_card":"summary_large_image","twitter_misc":{"Gesch\u00e4tzte Lesezeit":"3\u00a0Minuten"},"schema":{"@context":"https:\/\/schema.org","@graph":[{"@type":"WebPage","@id":"https:\/\/rosenvoldcamping.dk\/de\/preise\/camping-preise\/","url":"https:\/\/rosenvoldcamping.dk\/de\/preise\/camping-preise\/","name":"Preise Camping am Vejle Fjord | Rosenvold Strand Camping","isPartOf":{"@id":"https:\/\/rosenvoldcamping.dk\/de\/#website"},"datePublished":"2025-09-18T08:26:41+00:00","dateModified":"2025-12-16T20:23:40+00:00","breadcrumb":{"@id":"https:\/\/rosenvoldcamping.dk\/de\/preise\/camping-preise\/#breadcrumb"},"inLanguage":"de","potentialAction":[{"@type":"ReadAction","target":["https:\/\/rosenvoldcamping.dk\/de\/preise\/camping-preise\/"]}]},{"@type":"BreadcrumbList","@id":"https:\/\/rosenvoldcamping.dk\/de\/preise\/camping-preise\/#breadcrumb","itemListElement":[{"@type":"ListItem","position":1,"name":"Hjem","item":"https:\/\/rosenvoldcamping.dk\/de\/hauptseite\/"},{"@type":"ListItem","position":2,"name":"Preise","item":"https:\/\/rosenvoldcamping.dk\/de\/priser\/"},{"@type":"ListItem","position":3,"name":"Camping Preise"}]},{"@type":"WebSite","@id":"https:\/\/rosenvoldcamping.dk\/de\/#website","url":"https:\/\/rosenvoldcamping.dk\/de\/","name":"Rosenvold Camping","description":"En oase ved fjorden","potentialAction":[{"@type":"SearchAction","target":{"@type":"EntryPoint","urlTemplate":"https:\/\/rosenvoldcamping.dk\/de\/?s={search_term_string}"},"query-input":{"@type":"PropertyValueSpecification","valueRequired":true,"valueName":"search_term_string"}}],"inLanguage":"de"}]}},"_links":{"self":[{"href":"https:\/\/rosenvoldcamping.dk\/de\/wp-json\/wp\/v2\/pages\/27712","targetHints":{"allow":["GET"]}}],"collection":[{"href":"https:\/\/rosenvoldcamping.dk\/de\/wp-json\/wp\/v2\/pages"}],"about":[{"href":"https:\/\/rosenvoldcamping.dk\/de\/wp-json\/wp\/v2\/types\/page"}],"author":[{"embeddable":true,"href":"https:\/\/rosenvoldcamping.dk\/de\/wp-json\/wp\/v2\/users\/1"}],"replies":[{"embeddable":true,"href":"https:\/\/rosenvoldcamping.dk\/de\/wp-json\/wp\/v2\/comments?post=27712"}],"version-history":[{"count":2,"href":"https:\/\/rosenvoldcamping.dk\/de\/wp-json\/wp\/v2\/pages\/27712\/revisions"}],"predecessor-version":[{"id":27714,"href":"https:\/\/rosenvoldcamping.dk\/de\/wp-json\/wp\/v2\/pages\/27712\/revisions\/27714"}],"up":[{"embeddable":true,"href":"https:\/\/rosenvoldcamping.dk\/de\/wp-json\/wp\/v2\/pages\/27661"}],"wp:attachment":[{"href":"https:\/\/rosenvoldcamping.dk\/de\/wp-json\/wp\/v2\/media?parent=27712"}],"wp:term":[{"taxonomy":"folder","embeddable":true,"href":"https:\/\/rosenvoldcamping.dk\/de\/wp-json\/wp\/v2\/folder?post=27712"}],"curies":[{"name":"wp","href":"https:\/\/api.w.org\/{rel}","templated":true}]}}